{"id":433,"date":"2013-01-21T20:39:11","date_gmt":"2013-01-21T20:39:11","guid":{"rendered":"http:\/\/petitsaint.wordpress.com\/?page_id=433"},"modified":"2020-09-07T12:54:37","modified_gmt":"2020-09-07T11:54:37","slug":"les-prochains-titres","status":"publish","type":"page","link":"https:\/\/www.grainesdesaints.fr\/?page_id=433","title":{"rendered":"Fran\u00e7ois, dis-nous en qui tu crois !"},"content":{"rendered":"<p style=\"text-align: justify;\"><span style=\"color: #ffffff;\"><em>.<\/em><\/span><\/p>\n<p style=\"text-align: justify;\"><span style=\"color: #003366;\"><em><img loading=\"lazy\" decoding=\"async\" data-attachment-id=\"1745\" data-permalink=\"https:\/\/www.grainesdesaints.fr\/?attachment_id=1745\" data-orig-file=\"https:\/\/www.grainesdesaints.fr\/wp-content\/uploads\/2016\/07\/franyiois-dis-nous-qui-tu-crois-2.jpg\" data-orig-size=\"1414,1564\" data-comments-opened=\"0\" data-image-meta=\"{&quot;aperture&quot;:&quot;0&quot;,&quot;credit&quot;:&quot;&quot;,&quot;camera&quot;:&quot;&quot;,&quot;caption&quot;:&quot;&quot;,&quot;created_timestamp&quot;:&quot;0&quot;,&quot;copyright&quot;:&quot;&quot;,&quot;focal_length&quot;:&quot;0&quot;,&quot;iso&quot;:&quot;0&quot;,&quot;shutter_speed&quot;:&quot;0&quot;,&quot;title&quot;:&quot;&quot;,&quot;orientation&quot;:&quot;1&quot;}\" data-image-title=\"\" data-image-description=\"\" data-image-caption=\"\" data-large-file=\"https:\/\/www.grainesdesaints.fr\/wp-content\/uploads\/2016\/07\/franyiois-dis-nous-qui-tu-crois-2-694x768.jpg\" class=\"alignleft size-medium wp-image-1745\" src=\"https:\/\/www.grainesdesaints.fr\/wp-content\/uploads\/2016\/07\/franyiois-dis-nous-qui-tu-crois-2-271x300.jpg\" alt=\"\" width=\"271\" height=\"300\" srcset=\"https:\/\/www.grainesdesaints.fr\/wp-content\/uploads\/2016\/07\/franyiois-dis-nous-qui-tu-crois-2-271x300.jpg 271w, https:\/\/www.grainesdesaints.fr\/wp-content\/uploads\/2016\/07\/franyiois-dis-nous-qui-tu-crois-2-768x849.jpg 768w, https:\/\/www.grainesdesaints.fr\/wp-content\/uploads\/2016\/07\/franyiois-dis-nous-qui-tu-crois-2-694x768.jpg 694w, https:\/\/www.grainesdesaints.fr\/wp-content\/uploads\/2016\/07\/franyiois-dis-nous-qui-tu-crois-2.jpg 1414w\" sizes=\"auto, (max-width: 271px) 100vw, 271px\" \/>\u00ab&nbsp;Une grande lumi\u00e8re s\u2019est lev\u00e9e dans mon&nbsp;c\u0153ur&nbsp;:&nbsp;Voil\u00e0 ce que je d\u00e9sire accomplir de toutes mes forces ! Moi Fran\u00e7ois le tout petit, je veux suivre la vie et la pauvret\u00e9 de notre tr\u00e8s haut Seigneur J\u00e9sus et de sa m\u00e8re Marie et y pers\u00e9v\u00e9rer&nbsp;jusqu&rsquo;\u00e0&nbsp;la fin !&nbsp;Dans ma joie, j\u2019ai donn\u00e9 mon b\u00e2ton, mes souliers, ma bourse, et ma besace. J\u2019ai cousu une grossi\u00e8re tunique de laine que j\u2019ai nou\u00e9 \u00e0 la ceinture avec une corde. \u00c0 partir de ce jour, j\u2019allais pieds nus, et je parlais partout de l\u2019amour fou de notre bon Seigneur J\u00e9sus qui s\u2019est fait pauvre pour nous en ce monde.&nbsp;\u00bb (Extrait)<\/em><\/span><\/p>\n<p style=\"text-align: justify;\">N\u00e9 au si\u00e8cle des princes et des chevaliers, le jeune Fran\u00e7ois d&rsquo;Assise n\u2019a qu\u2019un seul r\u00eave,&nbsp;devenir l&rsquo;un d&rsquo;entre eux ! Plusieurs rencontres d\u00e9cisives vont cependant&nbsp;fa\u00e7onner en lui un autre&nbsp;d\u00e9sir : <strong>suivre&nbsp;J\u00e9sus pauvre&nbsp;en&nbsp;vivant la joie de&nbsp;l&rsquo;Evangile et en l\u2019annon\u00e7ant \u00e0 tous<\/strong>. Il sera bient\u00f4t suivi dans cette voie par une multitude de petits fr\u00e8res et s\u0153urs, trouvant dans le Christ&nbsp;pauvre leur plus grand tr\u00e9sor. Inspir\u00e9 des \u00e9crits de Fran\u00e7ois et Claire d\u2019Assise,&nbsp;et&nbsp;des nombreux <em>fioretti<\/em> qui relatent les \u00e9pisodes marquants de leur&nbsp;vie, ce texte nous&nbsp;montre la proximit\u00e9 de fr\u00e8re&nbsp;Fran\u00e7ois et l&rsquo;actualit\u00e9 de son message.<\/p>\n<p style=\"text-align: justify;\"><span style=\"color: #ffffff;\">.<\/span><\/p>\n<p><span class=\"embed-youtube\" style=\"text-align:center; display: block;\"><iframe loading=\"lazy\" class=\"youtube-player\" width=\"640\" height=\"360\" src=\"https:\/\/www.youtube.com\/embed\/LvAjtdQtaaw?version=3&#038;rel=1&#038;showsearch=0&#038;showinfo=1&#038;iv_load_policy=1&#038;fs=1&#038;hl=fr-FR&#038;autohide=2&#038;wmode=transparent\" allowfullscreen=\"true\" style=\"border:0;\" sandbox=\"allow-scripts allow-same-origin allow-popups allow-presentation allow-popups-to-escape-sandbox\"><\/iframe><\/span><\/p>\n<p><span class=\"embed-youtube\" style=\"text-align:center; display: block;\"><iframe loading=\"lazy\" class=\"youtube-player\" width=\"640\" height=\"360\" src=\"https:\/\/www.youtube.com\/embed\/jTSinWP1CJY?version=3&#038;rel=1&#038;showsearch=0&#038;showinfo=1&#038;iv_load_policy=1&#038;fs=1&#038;hl=fr-FR&#038;autohide=2&#038;wmode=transparent\" allowfullscreen=\"true\" style=\"border:0;\" sandbox=\"allow-scripts allow-same-origin allow-popups allow-presentation allow-popups-to-escape-sandbox\"><\/iframe><\/span><\/p>\n<p>Auteur&nbsp;: B\u00e9n\u00e9dicte Delelis &#8211;&nbsp;Compositeur&nbsp;: Anne-Sophie Rahm &#8211;&nbsp;Illustrateur&nbsp;: \u00c9ric Puybaret<br \/>\nNarrateur :&nbsp;Damien Ricour<\/p>\n<p>Nombre de pages&nbsp;: 48<br \/>\nFormat (mm)&nbsp;: 22 x 25 cm<br \/>\nDur\u00e9e du CD (min)&nbsp;: 45\u2019<br \/>\nPrix TTC : 17,90&nbsp;\u20ac<\/p>\n<p>Plus d\u2019informations <a href=\"https:\/\/www.mameeditions.com\/9782728920617-francois-dis-nous-en-qui-tu-crois.html\" target=\"_blank\" rel=\"noopener noreferrer\">sur le site des \u00e9ditions Mame<\/a>.<\/p>\n","protected":false},"excerpt":{"rendered":"<p>. \u00ab&nbsp;Une grande lumi\u00e8re s\u2019est lev\u00e9e dans mon&nbsp;c\u0153ur&nbsp;:&nbsp;Voil\u00e0 ce que je d\u00e9sire accomplir de toutes mes forces ! Moi Fran\u00e7ois le tout petit, je veux suivre la vie et la pauvret\u00e9 de notre tr\u00e8s haut Seigneur J\u00e9sus et de sa m\u00e8re Marie et y pers\u00e9v\u00e9rer&nbsp;jusqu&rsquo;\u00e0&nbsp;la fin !&nbsp;Dans ma joie, j\u2019ai donn\u00e9 mon b\u00e2ton, mes souliers, &hellip; <a class=\"read-excerpt\" href=\"https:\/\/www.grainesdesaints.fr\/?page_id=433\">Continuer la lecture <span class=\"meta-nav\">&raquo;<\/span><\/a><\/p>\n","protected":false},"author":2,"featured_media":0,"parent":5,"menu_order":3,"comment_status":"closed","ping_status":"closed","template":"","meta":{"jetpack_post_was_ever_published":false,"footnotes":""},"class_list":["post-433","page","type-page","status-publish","hentry"],"yoast_head":"<!-- This site is optimized with the Yoast SEO plugin v27.5 - https:\/\/yoast.com\/product\/yoast-seo-wordpress\/ -->\n<title>Fran\u00e7ois, dis-nous en qui tu crois ! - Graines de saints<\/title>\n<meta name=\"robots\" content=\"index, follow, max-snippet:-1, max-image-preview:large, max-video-preview:-1\" \/>\n<link rel=\"canonical\" href=\"https:\/\/www.grainesdesaints.fr\/?page_id=433\" \/>\n<meta property=\"og:locale\" content=\"fr_FR\" \/>\n<meta property=\"og:type\" content=\"article\" \/>\n<meta property=\"og:title\" content=\"Fran\u00e7ois, dis-nous en qui tu crois ! - Graines de saints\" \/>\n<meta property=\"og:description\" content=\". \u00ab&nbsp;Une grande lumi\u00e8re s\u2019est lev\u00e9e dans mon&nbsp;c\u0153ur&nbsp;:&nbsp;Voil\u00e0 ce que je d\u00e9sire accomplir de toutes mes forces ! Moi Fran\u00e7ois le tout petit, je veux suivre la vie et la pauvret\u00e9 de notre tr\u00e8s haut Seigneur J\u00e9sus et de sa m\u00e8re Marie et y pers\u00e9v\u00e9rer&nbsp;jusqu&rsquo;\u00e0&nbsp;la fin !&nbsp;Dans ma joie, j\u2019ai donn\u00e9 mon b\u00e2ton, mes souliers, &hellip; Continuer la lecture &raquo;\" \/>\n<meta property=\"og:url\" content=\"https:\/\/www.grainesdesaints.fr\/?page_id=433\" \/>\n<meta property=\"og:site_name\" content=\"Graines de saints\" \/>\n<meta property=\"article:modified_time\" content=\"2020-09-07T11:54:37+00:00\" \/>\n<meta property=\"og:image\" content=\"https:\/\/www.grainesdesaints.fr\/wp-content\/uploads\/2016\/07\/franyiois-dis-nous-qui-tu-crois-2-271x300.jpg\" \/>\n<meta name=\"twitter:label1\" content=\"Dur\u00e9e de lecture estim\u00e9e\" \/>\n\t<meta name=\"twitter:data1\" content=\"2 minutes\" \/>\n<script type=\"application\/ld+json\" class=\"yoast-schema-graph\">{\"@context\":\"https:\\\/\\\/schema.org\",\"@graph\":[{\"@type\":\"WebPage\",\"@id\":\"https:\\\/\\\/www.grainesdesaints.fr\\\/?page_id=433\",\"url\":\"https:\\\/\\\/www.grainesdesaints.fr\\\/?page_id=433\",\"name\":\"Fran\u00e7ois, dis-nous en qui tu crois ! - Graines de saints\",\"isPartOf\":{\"@id\":\"https:\\\/\\\/www.grainesdesaints.fr\\\/#website\"},\"primaryImageOfPage\":{\"@id\":\"https:\\\/\\\/www.grainesdesaints.fr\\\/?page_id=433#primaryimage\"},\"image\":{\"@id\":\"https:\\\/\\\/www.grainesdesaints.fr\\\/?page_id=433#primaryimage\"},\"thumbnailUrl\":\"https:\\\/\\\/www.grainesdesaints.fr\\\/wp-content\\\/uploads\\\/2016\\\/07\\\/franyiois-dis-nous-qui-tu-crois-2-271x300.jpg\",\"datePublished\":\"2013-01-21T20:39:11+00:00\",\"dateModified\":\"2020-09-07T11:54:37+00:00\",\"breadcrumb\":{\"@id\":\"https:\\\/\\\/www.grainesdesaints.fr\\\/?page_id=433#breadcrumb\"},\"inLanguage\":\"fr-FR\",\"potentialAction\":[{\"@type\":\"ReadAction\",\"target\":[\"https:\\\/\\\/www.grainesdesaints.fr\\\/?page_id=433\"]}]},{\"@type\":\"ImageObject\",\"inLanguage\":\"fr-FR\",\"@id\":\"https:\\\/\\\/www.grainesdesaints.fr\\\/?page_id=433#primaryimage\",\"url\":\"https:\\\/\\\/www.grainesdesaints.fr\\\/wp-content\\\/uploads\\\/2016\\\/07\\\/franyiois-dis-nous-qui-tu-crois-2.jpg\",\"contentUrl\":\"https:\\\/\\\/www.grainesdesaints.fr\\\/wp-content\\\/uploads\\\/2016\\\/07\\\/franyiois-dis-nous-qui-tu-crois-2.jpg\",\"width\":1414,\"height\":1564},{\"@type\":\"BreadcrumbList\",\"@id\":\"https:\\\/\\\/www.grainesdesaints.fr\\\/?page_id=433#breadcrumb\",\"itemListElement\":[{\"@type\":\"ListItem\",\"position\":1,\"name\":\"La collection \u00ab\u00a0Graines de saints\u00a0\u00bb\",\"item\":\"https:\\\/\\\/www.grainesdesaints.fr\\\/?page_id=5\"},{\"@type\":\"ListItem\",\"position\":2,\"name\":\"Fran\u00e7ois, dis-nous en qui tu crois !\"}]},{\"@type\":\"WebSite\",\"@id\":\"https:\\\/\\\/www.grainesdesaints.fr\\\/#website\",\"url\":\"https:\\\/\\\/www.grainesdesaints.fr\\\/\",\"name\":\"Graines de saints\",\"description\":\"La vie des saints pour les 4-10 ans\",\"potentialAction\":[{\"@type\":\"SearchAction\",\"target\":{\"@type\":\"EntryPoint\",\"urlTemplate\":\"https:\\\/\\\/www.grainesdesaints.fr\\\/?s={search_term_string}\"},\"query-input\":{\"@type\":\"PropertyValueSpecification\",\"valueRequired\":true,\"valueName\":\"search_term_string\"}}],\"inLanguage\":\"fr-FR\"}]}<\/script>\n<!-- \/ Yoast SEO plugin. -->","yoast_head_json":{"title":"Fran\u00e7ois, dis-nous en qui tu crois ! - Graines de saints","robots":{"index":"index","follow":"follow","max-snippet":"max-snippet:-1","max-image-preview":"max-image-preview:large","max-video-preview":"max-video-preview:-1"},"canonical":"https:\/\/www.grainesdesaints.fr\/?page_id=433","og_locale":"fr_FR","og_type":"article","og_title":"Fran\u00e7ois, dis-nous en qui tu crois ! - Graines de saints","og_description":". \u00ab&nbsp;Une grande lumi\u00e8re s\u2019est lev\u00e9e dans mon&nbsp;c\u0153ur&nbsp;:&nbsp;Voil\u00e0 ce que je d\u00e9sire accomplir de toutes mes forces ! Moi Fran\u00e7ois le tout petit, je veux suivre la vie et la pauvret\u00e9 de notre tr\u00e8s haut Seigneur J\u00e9sus et de sa m\u00e8re Marie et y pers\u00e9v\u00e9rer&nbsp;jusqu&rsquo;\u00e0&nbsp;la fin !&nbsp;Dans ma joie, j\u2019ai donn\u00e9 mon b\u00e2ton, mes souliers, &hellip; Continuer la lecture &raquo;","og_url":"https:\/\/www.grainesdesaints.fr\/?page_id=433","og_site_name":"Graines de saints","article_modified_time":"2020-09-07T11:54:37+00:00","og_image":[{"url":"https:\/\/www.grainesdesaints.fr\/wp-content\/uploads\/2016\/07\/franyiois-dis-nous-qui-tu-crois-2-271x300.jpg","type":"","width":"","height":""}],"twitter_misc":{"Dur\u00e9e de lecture estim\u00e9e":"2 minutes"},"schema":{"@context":"https:\/\/schema.org","@graph":[{"@type":"WebPage","@id":"https:\/\/www.grainesdesaints.fr\/?page_id=433","url":"https:\/\/www.grainesdesaints.fr\/?page_id=433","name":"Fran\u00e7ois, dis-nous en qui tu crois ! - Graines de saints","isPartOf":{"@id":"https:\/\/www.grainesdesaints.fr\/#website"},"primaryImageOfPage":{"@id":"https:\/\/www.grainesdesaints.fr\/?page_id=433#primaryimage"},"image":{"@id":"https:\/\/www.grainesdesaints.fr\/?page_id=433#primaryimage"},"thumbnailUrl":"https:\/\/www.grainesdesaints.fr\/wp-content\/uploads\/2016\/07\/franyiois-dis-nous-qui-tu-crois-2-271x300.jpg","datePublished":"2013-01-21T20:39:11+00:00","dateModified":"2020-09-07T11:54:37+00:00","breadcrumb":{"@id":"https:\/\/www.grainesdesaints.fr\/?page_id=433#breadcrumb"},"inLanguage":"fr-FR","potentialAction":[{"@type":"ReadAction","target":["https:\/\/www.grainesdesaints.fr\/?page_id=433"]}]},{"@type":"ImageObject","inLanguage":"fr-FR","@id":"https:\/\/www.grainesdesaints.fr\/?page_id=433#primaryimage","url":"https:\/\/www.grainesdesaints.fr\/wp-content\/uploads\/2016\/07\/franyiois-dis-nous-qui-tu-crois-2.jpg","contentUrl":"https:\/\/www.grainesdesaints.fr\/wp-content\/uploads\/2016\/07\/franyiois-dis-nous-qui-tu-crois-2.jpg","width":1414,"height":1564},{"@type":"BreadcrumbList","@id":"https:\/\/www.grainesdesaints.fr\/?page_id=433#breadcrumb","itemListElement":[{"@type":"ListItem","position":1,"name":"La collection \u00ab\u00a0Graines de saints\u00a0\u00bb","item":"https:\/\/www.grainesdesaints.fr\/?page_id=5"},{"@type":"ListItem","position":2,"name":"Fran\u00e7ois, dis-nous en qui tu crois !"}]},{"@type":"WebSite","@id":"https:\/\/www.grainesdesaints.fr\/#website","url":"https:\/\/www.grainesdesaints.fr\/","name":"Graines de saints","description":"La vie des saints pour les 4-10 ans","potentialAction":[{"@type":"SearchAction","target":{"@type":"EntryPoint","urlTemplate":"https:\/\/www.grainesdesaints.fr\/?s={search_term_string}"},"query-input":{"@type":"PropertyValueSpecification","valueRequired":true,"valueName":"search_term_string"}}],"inLanguage":"fr-FR"}]}},"jetpack_shortlink":"https:\/\/wp.me\/P3sQ0b-6Z","jetpack_sharing_enabled":true,"_links":{"self":[{"href":"https:\/\/www.grainesdesaints.fr\/index.php?rest_route=\/wp\/v2\/pages\/433","targetHints":{"allow":["GET"]}}],"collection":[{"href":"https:\/\/www.grainesdesaints.fr\/index.php?rest_route=\/wp\/v2\/pages"}],"about":[{"href":"https:\/\/www.grainesdesaints.fr\/index.php?rest_route=\/wp\/v2\/types\/page"}],"author":[{"embeddable":true,"href":"https:\/\/www.grainesdesaints.fr\/index.php?rest_route=\/wp\/v2\/users\/2"}],"replies":[{"embeddable":true,"href":"https:\/\/www.grainesdesaints.fr\/index.php?rest_route=%2Fwp%2Fv2%2Fcomments&post=433"}],"version-history":[{"count":69,"href":"https:\/\/www.grainesdesaints.fr\/index.php?rest_route=\/wp\/v2\/pages\/433\/revisions"}],"predecessor-version":[{"id":9370,"href":"https:\/\/www.grainesdesaints.fr\/index.php?rest_route=\/wp\/v2\/pages\/433\/revisions\/9370"}],"up":[{"embeddable":true,"href":"https:\/\/www.grainesdesaints.fr\/index.php?rest_route=\/wp\/v2\/pages\/5"}],"wp:attachment":[{"href":"https:\/\/www.grainesdesaints.fr\/index.php?rest_route=%2Fwp%2Fv2%2Fmedia&parent=433"}],"curies":[{"name":"wp","href":"https:\/\/api.w.org\/{rel}","templated":true}]}}